{"id":244733,"date":"2024-09-29T06:44:00","date_gmt":"2024-09-29T06:44:00","guid":{"rendered":"https:\/\/aguijon.xblu.com\/adrian-j-riiz\/"},"modified":"2025-01-08T18:29:05","modified_gmt":"2025-01-08T18:29:05","slug":"adverses-2","status":"publish","type":"page","link":"https:\/\/aguijontheater.org\/es\/adverses-2\/","title":{"rendered":"ADVERSES-2"},"content":{"rendered":"<p>[et_pb_section fb_built=\u00bb1&#8243; disabled_on=\u00bboff|off|off\u00bb _builder_version=\u00bb4.27.0&#8243; _module_preset=\u00bbdefault\u00bb background_color=\u00bb#000000&#8243; background_image=\u00bbhttps:\/\/aguijontheater.org\/wp-content\/uploads\/2024\/09\/Adverses-1&#215;1-1.jpg\u00bb background_position=\u00bbtop_left\u00bb overflow-x=\u00bbhidden\u00bb custom_padding=\u00bb|||0px||\u00bb top_divider_style=\u00bbslant\u00bb top_divider_color=\u00bb#DE0100&#8243; top_divider_height=\u00bb25px\u00bb top_divider_repeat=\u00bb1x\u00bb top_divider_flip=\u00bbhorizontal\u00bb bottom_divider_style=\u00bbslant2&#8243; bottom_divider_color=\u00bb#000000&#8243; bottom_divider_height=\u00bb499px\u00bb bottom_divider_flip=\u00bbhorizontal|vertical\u00bb overflow-x_tablet=\u00bbhidden\u00bb overflow-x_phone=\u00bbhidden\u00bb overflow-x_last_edited=\u00bbon|desktop\u00bb locked=\u00bboff\u00bb global_colors_info=\u00bb{}\u00bb][et_pb_row column_structure=\u00bb1_2,1_2&#8243; disabled_on=\u00bboff|off|off\u00bb _builder_version=\u00bb4.27.0&#8243; _module_preset=\u00bbdefault\u00bb background_color=\u00bbrgba(0,0,0,0.81)\u00bb background_enable_color=\u00bbon\u00bb use_background_color_gradient=\u00bbon\u00bb background_color_gradient_type=\u00bbcircular\u00bb background_color_gradient_stops=\u00bbrgba(63,63,63,0.39) 25%|rgba(0,0,0,0.68) 40%\u00bb background_color_gradient_start=\u00bbrgba(63,63,63,0.39)\u00bb background_color_gradient_end=\u00bbrgba(0,0,0,0.68)\u00bb width=\u00bb100%\u00bb module_alignment=\u00bbcenter\u00bb custom_margin=\u00bb0px||-1px||false|false\u00bb custom_padding=\u00bb12px|0px|12px|0px|true|false\u00bb border_radii=\u00bbon|20px|20px|20px|20px\u00bb border_color_all=\u00bb#FFFFFF\u00bb border_width_top=\u00bb0px\u00bb border_style_top=\u00bbsolid\u00bb border_width_right=\u00bb0px\u00bb border_color_bottom=\u00bb#ffffff\u00bb border_width_left=\u00bb0px\u00bb box_shadow_style=\u00bbpreset1&#8243; box_shadow_color=\u00bb#000000&#8243; locked=\u00bboff\u00bb global_colors_info=\u00bb{}\u00bb][et_pb_column type=\u00bb1_2&#8243; _builder_version=\u00bb4.16&#8243; _module_preset=\u00bbdefault\u00bb global_colors_info=\u00bb{}\u00bb][et_pb_image src=\u00bbhttps:\/\/aguijontheater.org\/wp-content\/uploads\/2025\/01\/CTW-ADV-Wedbsite-2025.jpg\u00bb alt=\u00bbLa-gran-tirana flyer\u00bb title_text=\u00bbCTW ADV Wedbsite 2025&#8243; url=\u00bbhttps:\/\/www.ticketleap.events\/tickets\/aguijon-1\/adverses\u00bb url_new_window=\u00bbon\u00bb show_bottom_space=\u00bboff\u00bb align=\u00bbcenter\u00bb src_tablet=\u00bbhttps:\/\/aguijontheater.org\/wp-content\/uploads\/2021\/11\/la-gran-tirana-header.jpg\u00bb src_phone=\u00bbhttps:\/\/aguijontheater.org\/wp-content\/uploads\/2025\/01\/CTW-ADV-Wedbsite-2025.jpg\u00bb src_last_edited=\u00bbon|phone\u00bb _builder_version=\u00bb4.27.0&#8243; _module_preset=\u00bbdefault\u00bb width_tablet=\u00bb50%\u00bb width_phone=\u00bb100%\u00bb width_last_edited=\u00bbon|phone\u00bb module_alignment=\u00bbcenter\u00bb min_height_tablet=\u00bb\u00bb min_height_phone=\u00bb\u00bb min_height_last_edited=\u00bbon|phone\u00bb height_tablet=\u00bb\u00bb height_phone=\u00bb\u00bb height_last_edited=\u00bbon|phone\u00bb max_height_tablet=\u00bb\u00bb max_height_phone=\u00bb\u00bb max_height_last_edited=\u00bbon|phone\u00bb custom_margin=\u00bb-11px||||false|false\u00bb custom_padding=\u00bb0px|0px|0px|0px|false|false\u00bb hover_enabled=\u00bb0&#8243; border_radii=\u00bbon|20px|20px|20px|20px\u00bb border_width_all=\u00bb10px\u00bb border_color_all=\u00bb#000000&#8243; border_style_all=\u00bbnone\u00bb border_radii_tablet=\u00bbon|20px|20px|20px|20px\u00bb border_radii_phone=\u00bbon|20px|20px|20px|20px\u00bb border_radii_last_edited=\u00bbon|phone\u00bb border_width_all_tablet=\u00bb10px\u00bb border_width_all_phone=\u00bb0px\u00bb border_width_all_last_edited=\u00bbon|phone\u00bb border_style_all_tablet=\u00bbnone\u00bb border_style_all_phone=\u00bbnone\u00bb border_style_all_last_edited=\u00bbon|phone\u00bb global_colors_info=\u00bb{}\u00bb sticky_enabled=\u00bb0&#8243;][\/et_pb_image][\/et_pb_column][et_pb_column type=\u00bb1_2&#8243; _builder_version=\u00bb4.27.0&#8243; _module_preset=\u00bbdefault\u00bb global_colors_info=\u00bb{}\u00bb][et_pb_text content_tablet=\u00bb<\/p>\n<h1 style=%22text-align: left;%22><strong><span style=%22color: #ffffff;%22>ADVERSES<\/span><\/strong><\/h1>\n<p style=%22text-align: left;%22>Written By: Rey And\u00fajar<br \/>Directed By: S\u00e1ndor Men\u00e9ndez, Marcela Mu\u00f1oz<\/p>\n<p style=%22text-align: left;%22><span style=%22font-size: 16px;%22><\/span><\/p>\n<p style=%22text-align: left;%22><span style=%22font-size: 16px;%22>Nov 1st &#8211; Dec 15th, 2024<\/span><span style=%22font-size: 16px;%22> <\/span><\/p>\n<div class=%22event-details%22 style=%22text-align: left;%22>\n<div class=%22event-details__location%22>\n<address><\/address>\n<\/div>\n<div class=%22event-details__location%22><\/div>\n<\/div>\n<p style=%22text-align: left;%22>\u00bb content_phone=\u00bb<\/p>\n<h1 style=%22text-align: left;%22><strong><span style=%22color: #ffffff;%22>ADVERSES<\/span><\/strong><\/h1>\n<p style=%22text-align: left;%22>De: Rey And\u00fajar<br \/>Direcci\u00f3n: S\u00e1ndor Men\u00e9ndez, Marcela Mu\u00f1oz<\/p>\n<p style=%22text-align: left;%22><span style=%22font-size: 16px;%22><\/span><\/p>\n<p style=%22text-align: left;%22><span style=%22font-size: 16px;%22>Del 7 al 16 de febrero del 2025<\/span><\/p>\n<div class=%22event-details%22 style=%22text-align: left;%22>\n<div class=%22event-details__location%22>\n<address><\/address>\n<\/div>\n<div class=%22event-details__location%22><\/div>\n<\/div>\n<p style=%22text-align: left;%22>\n<p>\u00bb content_last_edited=\u00bbon|phone\u00bb _builder_version=\u00bb4.27.0&#8243; _module_preset=\u00bbdefault\u00bb text_font=\u00bbMontserrat||||||||\u00bb header_2_font=\u00bbMontserrat|700|||||||\u00bb text_orientation=\u00bbcenter\u00bb custom_margin=\u00bb|||20px|false|false\u00bb custom_padding_tablet=\u00bb\u00bb custom_padding_phone=\u00bb|||10px|false|false\u00bb custom_padding_last_edited=\u00bbon|phone\u00bb global_colors_info=\u00bb{}\u00bb]<\/p>\n<h1 style=\"text-align: left;\"><strong><span style=\"color: #ffffff;\">ADVERSES<\/span><\/strong><\/h1>\n<p style=\"text-align: left;\">De: Rey And\u00fajar<br \/>Direcci\u00f3n: S\u00e1ndor Men\u00e9ndez, Marcela Mu\u00f1oz<\/p>\n<p style=\"text-align: left;\"><span style=\"font-size: 16px;\"><\/span><\/p>\n<p style=\"text-align: left;\"><span style=\"font-size: 16px;\">Del 7 al 16 de febrero del 2025<\/span><span style=\"font-size: 16px;\">\u00a0<\/span><\/p>\n<div class=\"event-details\" style=\"text-align: left;\">\n<div class=\"event-details__location\">\n<address><\/address>\n<\/div>\n<div class=\"event-details__location\"><\/div>\n<\/div>\n<p style=\"text-align: left;\">[\/et_pb_text][et_pb_text content_tablet=\u00bb<\/p>\n<h2><\/h2>\n<h2><\/h2>\n<h2><\/h2>\n<h2><\/h2>\n<h2><\/h2>\n<h2><\/h2>\n<h2><\/h2>\n<h2>SYNOPSIS<\/h2>\n<p>On the eve of the Day of the Dead, two unique and universal figures come together in an impossible dialogue where ghosts, hallucinations, and images of the past are present from death in a poetic representation of life.<\/p>\n<p>With sharp, scathing, lucid language, The Painter and The Nun immerse themselves in a theatrical kaleidoscope to reveal the fears, passions, colors, and verses accompanying them on their journey to transcendence.<\/p>\n<p>An exploration of the role of women in an oppressive<span> <\/span><em>machista<\/em><span> <\/span>society through two icons of Mexican culture: Frida Kahlo and Sor Juana In\u00e9s de la Cruz.<\/p>\n<p>\u00bb content_phone=\u00bb<\/p>\n<h2><\/h2>\n<h2><\/h2>\n<h2><\/h2>\n<h2><\/h2>\n<h2><\/h2>\n<h2><\/h2>\n<h2><span style=%22font-size: 26px;%22>SOBRE LA OBRA<\/span><\/h2>\n<p>Celos e intrigas abundan en una ciudad llamada Palacio. Una madre y una hija se enfrentan en una lucha sin l\u00edmites: La madre es capaz de cualquier cosa por mantenerse en el poder, la hija no parar\u00e1 hasta vengar el asesinato de su padre. Un recuento contempor\u00e1neo del mito de Electra, Adverses es una divertid\u00edsima pero conmovedora exploraci\u00f3n de la naturaleza corrosiva de la b\u00fasqueda del poder y la complicada relaci\u00f3n entre madres e hijas.<\/p>\n<p>\u00bb content_last_edited=\u00bbon|phone\u00bb _builder_version=\u00bb4.27.0&#8243; _module_preset=\u00bbdefault\u00bb text_font=\u00bbMontserrat||||||||\u00bb header_font=\u00bbMontserrat||||||||\u00bb header_line_height=\u00bb1.4em\u00bb custom_margin=\u00bb|160px||20px|false|false\u00bb custom_margin_tablet=\u00bb|160px||1px|false|false\u00bb custom_margin_phone=\u00bb|70px||20px|false|false\u00bb custom_margin_last_edited=\u00bbon|phone\u00bb custom_padding_tablet=\u00bb\u00bb custom_padding_phone=\u00bb|||10px|false|false\u00bb custom_padding_last_edited=\u00bbon|phone\u00bb text_font_tablet=\u00bbMontserrat||||||||\u00bb text_font_phone=\u00bbMontserrat||||||||\u00bb text_font_last_edited=\u00bbon|desktop\u00bb global_colors_info=\u00bb{}\u00bb]<\/p>\n<h2><span style=\"font-size: 26px;\">SOBRE LA OBRA<\/span><\/h2>\n<p>Celos e intrigas abundan en una ciudad llamada Palacio. Una madre y una hija se enfrentan en una lucha sin l\u00edmites: La madre es capaz de cualquier cosa por mantenerse en el poder, la hija no parar\u00e1 hasta vengar el asesinato de su padre. Un recuento contempor\u00e1neo del mito de Electra, Adverses es una divertid\u00edsima pero conmovedora exploraci\u00f3n de la naturaleza corrosiva de la b\u00fasqueda del poder y la complicada relaci\u00f3n entre madres e hijas.<\/p>\n<p>[\/et_pb_text][et_pb_button button_url=\u00bbhttps:\/\/www.ticketleap.events\/tickets\/aguijon-1\/adverses\u00bb button_text=\u00bbBOLETOS\u00bb button_alignment=\u00bbleft\u00bb button_alignment_tablet=\u00bbleft\u00bb button_alignment_phone=\u00bbcenter\u00bb button_alignment_last_edited=\u00bbon|phone\u00bb _builder_version=\u00bb4.27.0&#8243; _module_preset=\u00bbdefault\u00bb custom_button=\u00bbon\u00bb button_text_color=\u00bb#FFFFFF\u00bb button_bg_color=\u00bb#DE0100&#8243; button_border_color=\u00bbRGBA(255,255,255,0)\u00bb custom_margin=\u00bb||10px||false|false\u00bb custom_padding=\u00bb||3px||false|false\u00bb global_colors_info=\u00bb{}\u00bb][\/et_pb_button][et_pb_text _builder_version=\u00bb4.27.0&#8243; _module_preset=\u00bbdefault\u00bb text_font=\u00bbMontserrat||||||||\u00bb custom_margin=\u00bb|||20px|false|false\u00bb custom_padding_tablet=\u00bb\u00bb custom_padding_phone=\u00bb|||10px|false|false\u00bb custom_padding_last_edited=\u00bbon|phone\u00bb inline_fonts=\u00bbMontserrat\u00bb global_colors_info=\u00bb{}\u00bb]<\/p>\n<h4><strong><\/strong><\/h4>\n<p><span style=\"font-family: Montserrat;\"><strong><\/strong><\/span><\/p>\n<p><span style=\"font-family: Montserrat;\"><strong><\/strong><\/span><\/p>\n<h5><span style=\"font-family: Montserrat;\"><strong>EN ESPA\u00d1OL<\/strong>\u00a0<em>WITH ENGLISH SUPERTITLES<\/em><\/span><\/h5>\n<h5><span style=\"font-family: Montserrat;\">90 minutes with no intermission<\/span><\/h5>\n<h5><\/h5>\n<h5><\/h5>\n<h5><\/h5>\n<h5><\/h5>\n<h5><span style=\"font-family: Montserrat;\">G\u00e9nero: Tragicomedia<\/span><\/h5>\n<h5><span style=\"font-family: Montserrat;\">Edades: 16+<\/span><\/h5>\n<h5><span style=\"font-family: Montserrat;\"><\/span><\/h5>\n<h5><span style=\"font-family: Montserrat;\"><\/span><\/h5>\n<h5><span style=\"font-family: Montserrat;\">Advertencia de contenido: <\/span><\/h5>\n<h5><span style=\"font-family: Montserrat;\">Lenguaje fuerte, situaciones para adultos, <\/span><\/h5>\n<h5><span style=\"font-family: Montserrat;\">violencia f\u00edsica leve a moderada.<\/span><\/h5>\n<h5><\/h5>\n<h5><\/h5>\n<h5><\/h5>\n<h5><\/h5>\n<h5><\/h5>\n<h5><\/h5>\n<h5><span style=\"font-family: Montserrat;\">Presentada como parte de<\/span><\/h5>\n<h5><span style=\"font-family: Montserrat;\"><strong><em>7th DESTINOS <\/em><\/strong><strong><em>Chicago International Latino Theater Festival<\/em><\/strong><\/span><\/h5>\n<p>[\/et_pb_text][\/et_pb_column][\/et_pb_row][\/et_pb_section][et_pb_section fb_built=\u00bb1&#8243; disabled_on=\u00bboff|off|off\u00bb _builder_version=\u00bb4.27.0&#8243; _module_preset=\u00bbdefault\u00bb background_color=\u00bb#3e423e\u00bb background_enable_image=\u00bboff\u00bb top_divider_style=\u00bbslant2&#8243; top_divider_color=\u00bb#DE0100&#8243; top_divider_height=\u00bb19px\u00bb locked=\u00bboff\u00bb global_colors_info=\u00bb{}\u00bb][et_pb_row column_structure=\u00bb1_2,1_2&#8243; _builder_version=\u00bb4.27.0&#8243; _module_preset=\u00bbdefault\u00bb background_color=\u00bbrgba(0,0,0,0.59)\u00bb background_enable_color=\u00bbon\u00bb min_height=\u00bb100px\u00bb height=\u00bb100px\u00bb custom_margin=\u00bb-58px||-77px||false|false\u00bb custom_padding=\u00bb31px||0px|9px|false|false\u00bb border_radii=\u00bbon|20px|20px|20px|20px\u00bb global_colors_info=\u00bb{}\u00bb][et_pb_column type=\u00bb1_2&#8243; _builder_version=\u00bb4.27.0&#8243; _module_preset=\u00bbdefault\u00bb global_colors_info=\u00bb{}\u00bb][et_pb_text _builder_version=\u00bb4.27.0&#8243; _module_preset=\u00bbdefault\u00bb header_font=\u00bbAdvent Pro|700|||||||\u00bb locked=\u00bboff\u00bb global_colors_info=\u00bb{}\u00bb]<\/p>\n<h1>ELENCO<\/h1>\n<p>[\/et_pb_text][et_pb_text _builder_version=\u00bb4.27.0&#8243; _module_preset=\u00bbdefault\u00bb global_colors_info=\u00bb{}\u00bb][\/et_pb_text][\/et_pb_column][et_pb_column type=\u00bb1_2&#8243; _builder_version=\u00bb4.27.0&#8243; _module_preset=\u00bbdefault\u00bb global_colors_info=\u00bb{}\u00bb][\/et_pb_column][\/et_pb_row][et_pb_row column_structure=\u00bb1_4,1_4,1_4,1_4&#8243; disabled_on=\u00bboff|off|off\u00bb _builder_version=\u00bb4.27.0&#8243; _module_preset=\u00bbdefault\u00bb background_color=\u00bbrgba(0,0,0,0.38)\u00bb background_enable_color=\u00bbon\u00bb custom_padding=\u00bb|15px|42px|15px|false|false\u00bb border_radii=\u00bbon|20px|20px|20px|20px\u00bb global_colors_info=\u00bb{}\u00bb][et_pb_column type=\u00bb1_4&#8243; _builder_version=\u00bb4.27.0&#8243; _module_preset=\u00bbdefault\u00bb global_colors_info=\u00bb{}\u00bb][et_pb_image src=\u00bbhttps:\/\/aguijontheater.org\/wp-content\/uploads\/2024\/08\/IMG_5873.jpg\u00bb title_text=\u00bbIMG_5873&#8243; url=\u00bbhttps:\/\/aguijontheater.org\/es\/volver-a-casa\/sobre-nosotros\/conjunto\/ana-santos-sanchez\/\u00bb _builder_version=\u00bb4.27.0&#8243; _module_preset=\u00bbdefault\u00bb border_radii=\u00bbon|20px|20px|20px|20px\u00bb global_colors_info=\u00bb{}\u00bb][\/et_pb_image][et_pb_text _builder_version=\u00bb4.27.0&#8243; _module_preset=\u00bbdefault\u00bb global_colors_info=\u00bb{}\u00bb]<\/p>\n<h1>Ana Santos*<\/h1>\n<p>Electra Casados<\/p>\n<p>[\/et_pb_text][\/et_pb_column][et_pb_column type=\u00bb1_4&#8243; _builder_version=\u00bb4.27.0&#8243; _module_preset=\u00bbdefault\u00bb global_colors_info=\u00bb{}\u00bb][et_pb_image src=\u00bbhttps:\/\/aguijontheater.org\/wp-content\/uploads\/2021\/04\/Kris-Tori.png\u00bb title_text=\u00bbKris-Tori\u00bb url=\u00bbhttps:\/\/aguijontheater.org\/es\/volver-a-casa\/sobre-nosotros\/conjunto\/kris-tori\/\/\u00bb _builder_version=\u00bb4.27.0&#8243; _module_preset=\u00bbdefault\u00bb border_radii=\u00bbon|20px|20px|20px|20px\u00bb global_colors_info=\u00bb{}\u00bb][\/et_pb_image][et_pb_text _builder_version=\u00bb4.27.0&#8243; _module_preset=\u00bbdefault\u00bb global_colors_info=\u00bb{}\u00bb]<\/p>\n<h1>Kris Tori*<\/h1>\n<p>Clitemnestra Sor<\/p>\n<p>[\/et_pb_text][\/et_pb_column][et_pb_column type=\u00bb1_4&#8243; _builder_version=\u00bb4.27.0&#8243; _module_preset=\u00bbdefault\u00bb global_colors_info=\u00bb{}\u00bb][et_pb_image src=\u00bbhttps:\/\/aguijontheater.org\/wp-content\/uploads\/2024\/07\/AuguWebsite.jpg\u00bb title_text=\u00bbAuguWebsite\u00bb url=\u00bbhttps:\/\/aguijontheater.org\/es\/volver-a-casa\/sobre-nosotros\/conjunto\/augusto-yanacopulos\/\u00bb _builder_version=\u00bb4.27.0&#8243; _module_preset=\u00bbdefault\u00bb border_radii=\u00bbon|20px|20px|20px|20px\u00bb global_colors_info=\u00bb{}\u00bb][\/et_pb_image][et_pb_text _builder_version=\u00bb4.27.0&#8243; _module_preset=\u00bbdefault\u00bb global_colors_info=\u00bb{}\u00bb]<\/p>\n<h1>Agusto Yanac\u00f3pulos*<\/h1>\n<p>Agamen\u00f3n Fulgor<\/p>\n<p>[\/et_pb_text][\/et_pb_column][et_pb_column type=\u00bb1_4&#8243; _builder_version=\u00bb4.27.0&#8243; _module_preset=\u00bbdefault\u00bb global_colors_info=\u00bb{}\u00bb][et_pb_image src=\u00bbhttps:\/\/aguijontheater.org\/wp-content\/uploads\/2021\/04\/Sandor4.jpg\u00bb title_text=\u00bbSandor4&#8243; url=\u00bbhttps:\/\/aguijontheater.org\/es\/volver-a-casa\/sobre-nosotros\/conjunto\/sandor-menendez\u00bb _builder_version=\u00bb4.27.0&#8243; _module_preset=\u00bbdefault\u00bb border_radii=\u00bbon|20px|20px|20px|20px\u00bb global_colors_info=\u00bb{}\u00bb][\/et_pb_image][et_pb_text _builder_version=\u00bb4.27.0&#8243; _module_preset=\u00bbdefault\u00bb global_colors_info=\u00bb{}\u00bb]<\/p>\n<h1>S\u00e1ndor M\u00e9nendez*<\/h1>\n<p>Egisto Cardenal<\/p>\n<p>[\/et_pb_text][\/et_pb_column][\/et_pb_row][et_pb_row column_structure=\u00bb1_4,1_4,1_4,1_4&#8243; disabled_on=\u00bboff|off|off\u00bb _builder_version=\u00bb4.27.0&#8243; _module_preset=\u00bbdefault\u00bb background_color=\u00bbrgba(0,0,0,0.38)\u00bb background_enable_color=\u00bbon\u00bb custom_padding=\u00bb|15px|42px|15px|false|false\u00bb border_radii=\u00bbon|20px|20px|20px|20px\u00bb locked=\u00bboff\u00bb global_colors_info=\u00bb{}\u00bb][et_pb_column type=\u00bb1_4&#8243; _builder_version=\u00bb4.27.0&#8243; _module_preset=\u00bbdefault\u00bb global_colors_info=\u00bb{}\u00bb][et_pb_image src=\u00bbhttps:\/\/aguijontheater.org\/wp-content\/uploads\/2024\/07\/Calderoi\u0300n-Aguijoi\u0300n_web.jpg\u00bb title_text=\u00bbCalderoi\u0300n Aguijoi\u0300n_web\u00bb url=\u00bbhttps:\/\/aguijontheater.org\/es\/volver-a-casa\/sobre-nosotros\/conjunto\/oswaldo-calderon\/\u00bb _builder_version=\u00bb4.27.0&#8243; _module_preset=\u00bbdefault\u00bb border_radii=\u00bbon|20px|20px|20px|20px\u00bb global_colors_info=\u00bb{}\u00bb][\/et_pb_image][et_pb_text _builder_version=\u00bb4.27.0&#8243; _module_preset=\u00bbdefault\u00bb global_colors_info=\u00bb{}\u00bb]<\/p>\n<h1>Oswaldo Calder\u00f3n*<\/h1>\n<p>Chico Rangel<\/p>\n<p>[\/et_pb_text][\/et_pb_column][et_pb_column type=\u00bb1_4&#8243; _builder_version=\u00bb4.27.0&#8243; _module_preset=\u00bbdefault\u00bb global_colors_info=\u00bb{}\u00bb][et_pb_image src=\u00bbhttps:\/\/aguijontheater.org\/wp-content\/uploads\/2021\/04\/Ramon_smith-2.jpg\u00bb title_text=\u00bbRamon_smith 2&#8243; url=\u00bbhttps:\/\/aguijontheater.org\/es\/volver-a-casa\/sobre-nosotros\/conjunto\/ramon-smith\/\u00bb _builder_version=\u00bb4.27.0&#8243; _module_preset=\u00bbdefault\u00bb border_radii=\u00bbon|20px|20px|20px|20px\u00bb global_colors_info=\u00bb{}\u00bb][\/et_pb_image][et_pb_text _builder_version=\u00bb4.27.0&#8243; _module_preset=\u00bbdefault\u00bb global_colors_info=\u00bb{}\u00bb]<\/p>\n<h1>Ram\u00f3n Smith*<\/h1>\n<p>Comodoro Castr\u00f3pulos<\/p>\n<p>[\/et_pb_text][\/et_pb_column][et_pb_column type=\u00bb1_4&#8243; _builder_version=\u00bb4.27.0&#8243; _module_preset=\u00bbdefault\u00bb global_colors_info=\u00bb{}\u00bb][et_pb_image src=\u00bbhttps:\/\/aguijontheater.org\/wp-content\/uploads\/2021\/04\/Stefy-e1716666202862.jpg\u00bb title_text=\u00bbStefy\u00bb url=\u00bbhttps:\/\/aguijontheater.org\/es\/volver-a-casa\/sobre-nosotros\/conjunto\/stefanie-jara-escobar\/\u00bb _builder_version=\u00bb4.27.0&#8243; _module_preset=\u00bbdefault\u00bb border_radii=\u00bbon|20px|20px|20px|20px\u00bb global_colors_info=\u00bb{}\u00bb][\/et_pb_image][et_pb_text _builder_version=\u00bb4.27.0&#8243; _module_preset=\u00bbdefault\u00bb global_colors_info=\u00bb{}\u00bb]<\/p>\n<h1>Stefanie Jara*<\/h1>\n<p>Swain<\/p>\n<p>[\/et_pb_text][\/et_pb_column][et_pb_column type=\u00bb1_4&#8243; _builder_version=\u00bb4.27.0&#8243; _module_preset=\u00bbdefault\u00bb global_colors_info=\u00bb{}\u00bb][et_pb_image src=\u00bbhttps:\/\/aguijontheater.org\/wp-content\/uploads\/2024\/09\/IMG_3622.jpg\u00bb title_text=\u00bbIMG_3622&#8243; _builder_version=\u00bb4.27.0&#8243; _module_preset=\u00bbdefault\u00bb border_radii=\u00bbon|20px|20px|20px|20px\u00bb global_colors_info=\u00bb{}\u00bb][\/et_pb_image][et_pb_text _builder_version=\u00bb4.27.0&#8243; _module_preset=\u00bbdefault\u00bb global_colors_info=\u00bb{}\u00bb]<\/p>\n<h1>Hayd\u00e9e Delgado<\/h1>\n<p>Helene<\/p>\n<p>[\/et_pb_text][\/et_pb_column][\/et_pb_row][\/et_pb_section][et_pb_section fb_built=\u00bb1&#8243; _builder_version=\u00bb4.27.0&#8243; _module_preset=\u00bbdefault\u00bb background_color=\u00bbrgba(91,142,163,0.92)\u00bb background_enable_image=\u00bboff\u00bb top_divider_style=\u00bbslant\u00bb top_divider_color=\u00bb#DE0100&#8243; locked=\u00bboff\u00bb global_colors_info=\u00bb{}\u00bb][et_pb_row column_structure=\u00bb1_3,2_3&#8243; disabled_on=\u00bboff|off|off\u00bb _builder_version=\u00bb4.27.0&#8243; _module_preset=\u00bbdefault\u00bb background_color=\u00bbrgba(164,192,232,0.13)\u00bb background_enable_color=\u00bbon\u00bb use_background_color_gradient=\u00bbon\u00bb background_color_gradient_type=\u00bbcircular\u00bb background_color_gradient_stops=\u00bbrgba(63,63,63,0.39) 0%|rgba(0,0,0,0.68) 100%\u00bb background_color_gradient_start=\u00bbrgba(63,63,63,0.39)\u00bb background_color_gradient_end=\u00bbrgba(0,0,0,0.68)\u00bb custom_margin=\u00bb-57px||-122px||false|false\u00bb custom_padding=\u00bb12px|15px|43px|15px|false|false\u00bb border_radii=\u00bbon|20px|20px|20px|20px\u00bb global_colors_info=\u00bb{}\u00bb][et_pb_column type=\u00bb1_3&#8243; _builder_version=\u00bb4.27.0&#8243; _module_preset=\u00bbdefault\u00bb global_colors_info=\u00bb{}\u00bb][et_pb_text _builder_version=\u00bb4.27.0&#8243; _module_preset=\u00bbdefault\u00bb header_font=\u00bbAdvent Pro|700|||||||\u00bb global_colors_info=\u00bb{}\u00bb]<\/p>\n<h1>EQUIPO DE PRODUCCI\u00d3N<\/h1>\n<p>[\/et_pb_text][\/et_pb_column][et_pb_column type=\u00bb2_3&#8243; _builder_version=\u00bb4.27.0&#8243; _module_preset=\u00bbdefault\u00bb background_color=\u00bbRGBA(255,255,255,0)\u00bb global_colors_info=\u00bb{}\u00bb][\/et_pb_column][\/et_pb_row][et_pb_row column_structure=\u00bb1_5,1_5,1_5,1_5,1_5&#8243; disabled_on=\u00bboff|off|off\u00bb _builder_version=\u00bb4.27.0&#8243; _module_preset=\u00bbdefault\u00bb background_color=\u00bb#000000&#8243; background_enable_color=\u00bbon\u00bb custom_margin=\u00bb16px||-1px||false|false\u00bb custom_padding=\u00bb20px|15px|42px|15px|false|false\u00bb border_radii=\u00bbon|20px|20px|20px|20px\u00bb global_colors_info=\u00bb{}\u00bb][et_pb_column type=\u00bb1_5&#8243; _builder_version=\u00bb4.27.0&#8243; _module_preset=\u00bbdefault\u00bb global_colors_info=\u00bb{}\u00bb][et_pb_image src=\u00bbhttps:\/\/aguijontheater.org\/wp-content\/uploads\/2021\/04\/member_marcela.jpg\u00bb title_text=\u00bbmember_marcela\u00bb url=\u00bbhttps:\/\/aguijontheater.org\/es\/volver-a-casa\/sobre-nosotros\/conjunto\/marcela-munoz\/\u00bb _builder_version=\u00bb4.27.0&#8243; _module_preset=\u00bbdefault\u00bb border_radii=\u00bbon|20px|20px|20px|20px\u00bb global_colors_info=\u00bb{}\u00bb][\/et_pb_image][et_pb_text _builder_version=\u00bb4.27.0&#8243; _module_preset=\u00bbdefault\u00bb global_colors_info=\u00bb{}\u00bb]<\/p>\n<p style=\"text-align: center;\">Marcela Mu\u00f1oz<\/p>\n<p>[\/et_pb_text][et_pb_image src=\u00bbhttps:\/\/aguijontheater.org\/wp-content\/uploads\/2021\/04\/Sandor4.jpg\u00bb title_text=\u00bbSandor4&#8243; url=\u00bbhttps:\/\/aguijontheater.org\/es\/volver-a-casa\/sobre-nosotros\/conjunto\/sandor-menendez\/\u00bb _builder_version=\u00bb4.27.0&#8243; _module_preset=\u00bbdefault\u00bb border_radii=\u00bbon|20px|20px|20px|20px\u00bb global_colors_info=\u00bb{}\u00bb][\/et_pb_image][et_pb_text _builder_version=\u00bb4.27.0&#8243; _module_preset=\u00bbdefault\u00bb global_colors_info=\u00bb{}\u00bb]<\/p>\n<h5 style=\"text-align: center;\">S\u00e1ndor Men\u00e9ndez<\/h5>\n<p>[\/et_pb_text][\/et_pb_column][et_pb_column type=\u00bb1_5&#8243; _builder_version=\u00bb4.27.0&#8243; _module_preset=\u00bbdefault\u00bb global_colors_info=\u00bb{}\u00bb][et_pb_image src=\u00bbhttps:\/\/aguijontheater.org\/wp-content\/uploads\/2024\/09\/Adverses-1&#215;1-1.jpg\u00bb title_text=\u00bbAdverses 1&#215;1&#8243; _builder_version=\u00bb4.27.0&#8243; _module_preset=\u00bbdefault\u00bb border_radii=\u00bbon|20px|20px|20px|20px\u00bb global_colors_info=\u00bb{}\u00bb][\/et_pb_image][et_pb_text _builder_version=\u00bb4.27.0&#8243; _module_preset=\u00bbdefault\u00bb global_colors_info=\u00bb{}\u00bb]<\/p>\n<h5 style=\"text-align: center;\">Nancy Romo<\/h5>\n<p>[\/et_pb_text][et_pb_image src=\u00bbhttps:\/\/aguijontheater.org\/wp-content\/uploads\/2024\/08\/IMG_5873.jpg\u00bb title_text=\u00bbIMG_5873&#8243; url=\u00bbhttps:\/\/aguijontheater.org\/es\/volver-a-casa\/sobre-nosotros\/conjunto\/ana-santos-sanchez\/\u00bb _builder_version=\u00bb4.27.0&#8243; _module_preset=\u00bbdefault\u00bb border_radii=\u00bbon|20px|20px|20px|20px\u00bb global_colors_info=\u00bb{}\u00bb][\/et_pb_image][et_pb_text _builder_version=\u00bb4.27.0&#8243; _module_preset=\u00bbdefault\u00bb global_colors_info=\u00bb{}\u00bb]<\/p>\n<h5 style=\"text-align: center;\">Ana Santos<\/h5>\n<p>[\/et_pb_text][\/et_pb_column][et_pb_column type=\u00bb1_5&#8243; _builder_version=\u00bb4.27.0&#8243; _module_preset=\u00bbdefault\u00bb global_colors_info=\u00bb{}\u00bb][et_pb_image src=\u00bbhttps:\/\/aguijontheater.org\/wp-content\/uploads\/2021\/04\/Carlos1.jpg\u00bb title_text=\u00bbCarlos1&#8243; url=\u00bbhttps:\/\/aguijontheater.org\/es\/volver-a-casa\/sobre-nosotros\/conjunto\/carlos-garcia-servin\/\u00bb _builder_version=\u00bb4.27.0&#8243; _module_preset=\u00bbdefault\u00bb border_radii=\u00bbon|20px|20px|20px|20px\u00bb global_colors_info=\u00bb{}\u00bb][\/et_pb_image][et_pb_text _builder_version=\u00bb4.27.0&#8243; _module_preset=\u00bbdefault\u00bb text_font=\u00bb||||||||\u00bb global_colors_info=\u00bb{}\u00bb]<\/p>\n<h5 style=\"text-align: center;\">Carlos Garc\u00eda<\/h5>\n<p>[\/et_pb_text][et_pb_image src=\u00bbhttps:\/\/aguijontheater.org\/wp-content\/uploads\/2024\/09\/Adverses-1&#215;1-1.jpg\u00bb title_text=\u00bbAdverses 1&#215;1&#8243; _builder_version=\u00bb4.27.0&#8243; _module_preset=\u00bbdefault\u00bb border_radii=\u00bbon|20px|20px|20px|20px\u00bb global_colors_info=\u00bb{}\u00bb][\/et_pb_image][et_pb_text _builder_version=\u00bb4.27.0&#8243; _module_preset=\u00bbdefault\u00bb global_colors_info=\u00bb{}\u00bb]<\/p>\n<h5 style=\"text-align: center;\">Olivia Gonz\u00e1lez Raga<\/h5>\n<p>[\/et_pb_text][\/et_pb_column][et_pb_column type=\u00bb1_5&#8243; _builder_version=\u00bb4.27.0&#8243; _module_preset=\u00bbdefault\u00bb global_colors_info=\u00bb{}\u00bb][et_pb_image src=\u00bbhttps:\/\/aguijontheater.org\/wp-content\/uploads\/2024\/09\/Adverses-1&#215;1-1.jpg\u00bb title_text=\u00bbAdverses 1&#215;1&#8243; _builder_version=\u00bb4.27.0&#8243; _module_preset=\u00bbdefault\u00bb border_radii=\u00bbon|20px|20px|20px|20px\u00bb global_colors_info=\u00bb{}\u00bb][\/et_pb_image][et_pb_text _builder_version=\u00bb4.27.0&#8243; _module_preset=\u00bbdefault\u00bb text_font=\u00bb||||||||\u00bb global_colors_info=\u00bb{}\u00bb]<\/p>\n<h5 style=\"text-align: center;\">Ingrid Valdez<\/h5>\n<p>[\/et_pb_text][et_pb_image src=\u00bbhttps:\/\/aguijontheater.org\/wp-content\/uploads\/2024\/07\/Elio-Leturia-Aguijon-web.jpg\u00bb title_text=\u00bbElio Leturia Aguijon web\u00bb url=\u00bbhttps:\/\/aguijontheater.org\/es\/volver-a-casa\/sobre-nosotros\/conjunto\/elio-leturia\/\u00bb _builder_version=\u00bb4.27.0&#8243; _module_preset=\u00bbdefault\u00bb border_radii=\u00bbon|20px|20px|20px|20px\u00bb global_colors_info=\u00bb{}\u00bb][\/et_pb_image][et_pb_text _builder_version=\u00bb4.27.0&#8243; _module_preset=\u00bbdefault\u00bb text_font=\u00bb||||||||\u00bb global_colors_info=\u00bb{}\u00bb]<\/p>\n<h5 style=\"text-align: center;\">Elio Leturia<\/h5>\n<p>[\/et_pb_text][\/et_pb_column][et_pb_column type=\u00bb1_5&#8243; _builder_version=\u00bb4.27.0&#8243; _module_preset=\u00bbdefault\u00bb global_colors_info=\u00bb{}\u00bb][et_pb_image src=\u00bbhttps:\/\/aguijontheater.org\/wp-content\/uploads\/2024\/07\/AuguWebsite.jpg\u00bb title_text=\u00bbAuguWebsite\u00bb url=\u00bbhttps:\/\/aguijontheater.org\/es\/volver-a-casa\/sobre-nosotros\/conjunto\/augusto-yanacopulos\/\u00bb _builder_version=\u00bb4.27.0&#8243; _module_preset=\u00bbdefault\u00bb border_radii=\u00bbon|20px|20px|20px|20px\u00bb global_colors_info=\u00bb{}\u00bb][\/et_pb_image][et_pb_text _builder_version=\u00bb4.27.0&#8243; _module_preset=\u00bbdefault\u00bb text_font=\u00bb||||||||\u00bb global_colors_info=\u00bb{}\u00bb]<\/p>\n<h5 style=\"text-align: center;\">Agusto Yanac\u00f3pulos<\/h5>\n<p>[\/et_pb_text][et_pb_image src=\u00bbhttps:\/\/aguijontheater.org\/wp-content\/uploads\/2024\/09\/Adverses-1&#215;1-1.jpg\u00bb title_text=\u00bbAdverses 1&#215;1&#8243; _builder_version=\u00bb4.27.0&#8243; _module_preset=\u00bbdefault\u00bb border_radii=\u00bbon|20px|20px|20px|20px\u00bb global_colors_info=\u00bb{}\u00bb][\/et_pb_image][\/et_pb_column][\/et_pb_row][et_pb_row column_structure=\u00bb1_2,1_2&#8243; disabled_on=\u00bboff|off|off\u00bb _builder_version=\u00bb4.27.0&#8243; _module_preset=\u00bbdefault\u00bb background_color=\u00bbrgba(164,192,232,0.13)\u00bb background_enable_color=\u00bbon\u00bb use_background_color_gradient=\u00bbon\u00bb background_color_gradient_type=\u00bbcircular\u00bb background_color_gradient_stops=\u00bbrgba(63,63,63,0.39) 0%|rgba(0,0,0,0.68) 100%\u00bb background_color_gradient_start=\u00bbrgba(63,63,63,0.39)\u00bb background_color_gradient_end=\u00bbrgba(0,0,0,0.68)\u00bb custom_margin=\u00bb-31px||-1px||false|false\u00bb custom_padding=\u00bb|15px|42px|15px|false|false\u00bb border_radii=\u00bbon|20px|20px|20px|20px\u00bb global_colors_info=\u00bb{}\u00bb][et_pb_column type=\u00bb1_2&#8243; _builder_version=\u00bb4.27.0&#8243; _module_preset=\u00bbdefault\u00bb global_colors_info=\u00bb{}\u00bb][et_pb_text _builder_version=\u00bb4.27.0&#8243; _module_preset=\u00bbdefault\u00bb custom_padding=\u00bb|||20px|false|false\u00bb global_colors_info=\u00bb{}\u00bb]<\/p>\n<p>Jefa de producci\u00f3n: Marcela Mu\u00f1oz*<br \/>Regidora: Nancy Romo<br \/>Asistente de la regidora: Carlos Garc\u00eda Serv\u00edn*<br \/>Asistente de producci\u00f3n: Ingrid Valdez<br \/>Dise\u00f1o de luces: Augusto Yanacopulos*<br \/>Dise\u00f1o y arte escenogr\u00e1fico: Augusto Yanacopulos*<br \/>Dise\u00f1o de sonido: Marcela Mu\u00f1oz*, S\u00e1ndor Men\u00e9ndez*<\/p>\n<p>[\/et_pb_text][\/et_pb_column][et_pb_column type=\u00bb1_2&#8243; _builder_version=\u00bb4.27.0&#8243; _module_preset=\u00bbdefault\u00bb global_colors_info=\u00bb{}\u00bb][et_pb_text _builder_version=\u00bb4.27.0&#8243; _module_preset=\u00bbdefault\u00bb custom_margin=\u00bb|||20px|false|false\u00bb global_colors_info=\u00bb{}\u00bb]<\/p>\n<p>Entrenamiento de voz y arreglos musicales: Ana Santos*<br \/>Dise\u00f1o de vestuario: Marcela Mu\u00f1oz*<br \/>Movimiento y Coreograf\u00eda: Olivia Gonz\u00e1lez Raga<br \/>Relaciones p\u00fablicas: Elio Leturia*<br \/>Dise\u00f1o gr\u00e1fico y fotos: Carlos Garc\u00eda Serv\u00edn*<br \/>Dise\u00f1o de imagen publicitaria: Carlos Garcia Servin*, Marcela Mu\u00f1oz*<\/p>\n<p>*Miembro del grupo de planta de Aguij\u00f3n Theater<\/p>\n<p>[\/et_pb_text][\/et_pb_column][\/et_pb_row][\/et_pb_section]<\/p>\n","protected":false},"excerpt":{"rendered":"<p>ADVERSES De: Rey And\u00fajarDirecci\u00f3n: S\u00e1ndor Men\u00e9ndez, Marcela Mu\u00f1oz Del 7 al 16 de febrero del 2025\u00a0 SOBRE LA OBRA Celos e intrigas abundan en una ciudad llamada Palacio. Una madre y una hija se enfrentan en una lucha sin l\u00edmites: La madre es capaz de cualquier cosa por mantenerse en el poder, la hija no [&hellip;]<\/p>\n","protected":false},"author":7,"featured_media":0,"parent":0,"menu_order":0,"comment_status":"closed","ping_status":"closed","template":"","meta":{"_et_pb_use_builder":"on","_et_pb_old_content":"","_et_gb_content_width":"","footnotes":""},"dipi_cpt_category":[],"class_list":["post-244733","page","type-page","status-publish","hentry"],"_links":{"self":[{"href":"https:\/\/aguijontheater.org\/es\/wp-json\/wp\/v2\/pages\/244733"}],"collection":[{"href":"https:\/\/aguijontheater.org\/es\/wp-json\/wp\/v2\/pages"}],"about":[{"href":"https:\/\/aguijontheater.org\/es\/wp-json\/wp\/v2\/types\/page"}],"author":[{"embeddable":true,"href":"https:\/\/aguijontheater.org\/es\/wp-json\/wp\/v2\/users\/7"}],"replies":[{"embeddable":true,"href":"https:\/\/aguijontheater.org\/es\/wp-json\/wp\/v2\/comments?post=244733"}],"version-history":[{"count":21,"href":"https:\/\/aguijontheater.org\/es\/wp-json\/wp\/v2\/pages\/244733\/revisions"}],"predecessor-version":[{"id":250017,"href":"https:\/\/aguijontheater.org\/es\/wp-json\/wp\/v2\/pages\/244733\/revisions\/250017"}],"wp:attachment":[{"href":"https:\/\/aguijontheater.org\/es\/wp-json\/wp\/v2\/media?parent=244733"}],"wp:term":[{"taxonomy":"dipi_cpt_category","embeddable":true,"href":"https:\/\/aguijontheater.org\/es\/wp-json\/wp\/v2\/dipi_cpt_category?post=244733"}],"curies":[{"name":"wp","href":"https:\/\/api.w.org\/{rel}","templated":true}]}}